{"id":170,"date":"2023-02-18T16:51:20","date_gmt":"2023-02-18T13:51:20","guid":{"rendered":"https:\/\/dayanisma.localmakers.com.tr\/deprem\/?page_id=170"},"modified":"2023-05-06T17:03:11","modified_gmt":"2023-05-06T14:03:11","slug":"hakkimizda","status":"publish","type":"page","link":"https:\/\/dayanisma.localmakers.com.tr\/deprem\/hakkimizda\/","title":{"rendered":"Hakk\u0131m\u0131zda"},"content":{"rendered":"<h1>Local Makers\u2019dan \u0130yili\u011fi Oda\u011f\u0131na Alan bir Giri\u015fim: Dayan\u0131\u015fma A\u011f\u0131<\/h1>\n<p><em>Adil, s\u00fcrd\u00fcr\u00fclebilir ve lokal \u00fcr\u00fcnleri ve \u00fcreticilerini bir araya getirme misyonunu \u00fcstlenmi\u015f Local Makers markas\u0131 olarak bir dayan\u0131\u015fma \u00e7a\u011fr\u0131m\u0131z var. Deprem b\u00f6lgesindeki lokal \u00fcreticilerin \u00fcretim, sat\u0131\u015f, da\u011f\u0131t\u0131m a\u015famalar\u0131nda ya\u015fad\u0131\u011f\u0131 t\u00fcm insani ve ekonomik engeller i\u00e7in birlikte bir ad\u0131m at\u0131yoruz.<\/em><\/p>\n<p>6 \u015eubat 2023 tarihinde ger\u00e7ekle\u015fen ve 11 ilde y\u0131k\u0131c\u0131 etkileri olan deprem felaketinin ard\u0131ndan b\u00f6lgedeki lokal \u00fcreticilerin \u00fczerindeki ekonomik y\u00fck\u00fc hafifletmek i\u00e7in bir ad\u0131m atmak istedik. Herkes gibi do\u011fru zaman\u0131 beklerken <a href=\"https:\/\/www.instagram.com\/bahcemdenincir\/\" target=\"_blank\" rel=\"noopener\">@bahcemdenincir<\/a>\u2019in payla\u015f\u0131m\u0131 ile hayata tutunmaya \u00e7al\u0131\u015fan \u00fcreticiler i\u00e7in can suyu olma vaktinin \u201c\u015fimdi\u201d oldu\u011funu fark ettik.<\/p>\n<p>\u0130lk olarak 16.02.2023 tarihinde ba\u015flatt\u0131\u011f\u0131m\u0131z destek \u00e7a\u011fr\u0131s\u0131 ile deprem b\u00f6lgelerindeki lokal ve butik \u00fcreticilerle ilgili bilgileri toplamaya ba\u015flad\u0131k. \u00c7a\u011fr\u0131m\u0131z elden ele dola\u015ft\u0131, b\u00f6lgedeki yerel \u00fcreticiler, onlar\u0131n yak\u0131nlar\u0131, belki hi\u00e7 tan\u0131\u015fmadan al\u0131\u015fveri\u015f yapt\u0131klar\u0131 \u00fcreticilerin bilgilerini i\u00e7eren y\u00fczlerce mesaj ald\u0131k. Bilgileri ileterek dayan\u0131\u015fma a\u011f\u0131m\u0131z\u0131n temellerini olu\u015fturmaya katk\u0131 sa\u011flayan herkese te\u015fekk\u00fcr ederiz.<\/p>\n<p>Bu destek \u00e7a\u011fr\u0131s\u0131 ile temellerini att\u0131\u011f\u0131m\u0131z dayan\u0131\u015fma a\u011f\u0131n\u0131n bir \u201cal\u0131\u015fveri\u015f platformu\u201d olman\u0131n \u00f6tesinde b\u00f6lgedeki \u00fcreticilerin ihtiya\u00e7lar\u0131na dair bilgi toplamay\u0131 hedefledi\u011fini belirtmek isteriz. B\u00f6lgede ekonomik faaliyetlerine devam edebilen \u00fcreticilerin yan\u0131 s\u0131ra evi, i\u015f yeri, deposu y\u0131k\u0131lm\u0131\u015f a\u011f\u0131r bir bilan\u00e7o ile kar\u015f\u0131 kar\u015f\u0131ya olan \u00fcreticiler de mevcut.<\/p>\n<p><strong>Local Makers Dayan\u0131\u015fma A\u011f\u0131\u00a0B\u00f6lge \u00dcreticileri i\u00e7in Yay\u0131nda<\/strong><\/p>\n<p>\u00c7a\u011fr\u0131m\u0131z\u0131n ard\u0131ndan ba\u015fvuru formunu dolduran \u00fcreticiler ve ekibimizin b\u00f6lgedeki \u00fcreticilerin bilgilerini derlemesi ile elimizde \u00e7ok k\u0131ymetli bir dizin olu\u015ftu. G\u00fcndemin yo\u011funlu\u011fu ve sosyal medyan\u0131n h\u0131zl\u0131 ak\u0131\u015f\u0131 i\u00e7erisinde bu de\u011ferli bilgilerin zamans\u0131z ve eri\u015filebilir bir yerde kalmas\u0131n\u0131 istedik.<\/p>\n<p>B\u00f6lgedeki \u00fcreticilere yard\u0131m etmek isteyen herkesin faydalanabilece\u011fi a\u00e7\u0131k kaynakl\u0131 bir web sitesi tasarlad\u0131k. Burada deprem b\u00f6lgesinde yer alan \u00fcreticilerin kategori bazl\u0131 detaylar\u0131na online sat\u0131\u015f kanallar\u0131na ve sosyal medya ileti\u015fim bilgilerine ula\u015fabilirsiniz. Manuel toplan\u0131lan bilgiler ile ilk faz\u0131n\u0131 yay\u0131na ald\u0131\u011f\u0131m\u0131z dayan\u0131\u015fma a\u011f\u0131, gelinen noktada yerel \u00fcreticilerin kendilerinin sistem giri\u015fi yapabilmelerine imkan sa\u011fl\u0131yor.<\/p>\n<p>E\u011fer sitemizin listelerinde bilgileri yer almayan deprem b\u00f6lgesindeki bir \u00fcretici ya da yak\u0131n\u0131ysan\u0131z; \u201c<a href=\"https:\/\/dayanisma.localmakers.com.tr\/deprem\/isletme-basvuru-formu\/\" target=\"_blank\" rel=\"noopener\">\u0130\u015fletme Ekleyin\u201d sayfas\u0131ndaki ba\u015fvuru formundan<\/a> sistem kayd\u0131n\u0131z\u0131 olu\u015fturabilirsiniz. Kay\u0131t a\u015famas\u0131nda ve sonras\u0131nda kar\u015f\u0131la\u015fabilece\u011finiz her t\u00fcrl\u00fc sorun i\u00e7in ileti\u015fim k\u0131sm\u0131ndan bize ula\u015fabilirsiniz.<\/p>\n<p><strong>Kurumsal Destek Vermek \u0130steyen Markalar\u0131 Yerel \u00dcreticilerle Bulu\u015fturuyoruz<\/strong><\/p>\n<p>B\u00f6lgede \u00fcretimi k\u0131s\u0131tlanan ya da \u00fcretim yapamaz hale gelen yerel \u00fcreticilere destek vermek i\u00e7in kurumsal firmalar\u0131 \u00e7a\u011fr\u0131m\u0131za davet ediyoruz. <a href=\"https:\/\/dayanisma.localmakers.com.tr\/deprem\/kurumsal-destek\/\">\u201cKurumsal Destek\u201d sayfas\u0131 \u00fczerinden<\/a> sa\u011flayabilece\u011finiz destekleri belirterek, b\u00f6lgedeki yerel \u00fcreticilerin yeniden sisteme kat\u0131labilmeleri i\u00e7in yard\u0131mc\u0131 olabilirsiniz. Verebilece\u011finiz destekler sat\u0131n alma olabilece\u011fi gibi, firman\u0131z\u0131n faaliyet alan\u0131 do\u011frultusunda farkl\u0131 bir hizmet katk\u0131s\u0131 da olabilir.<\/p>\n<p>B\u00f6lge \u00fcreticilerinin ihtiya\u00e7lar\u0131n\u0131 belirlemek ve destek olabilmek ad\u0131na projeler olu\u015fturmaya, olu\u015fturulacak projelerde destek olmak isteyen t\u00fcm kurumlar\u0131 bizimle ileti\u015fim kurmaya davet ediyoruz.<\/p>\n<p><strong>\u00dclkemizin ya\u015fad\u0131\u011f\u0131 bu b\u00fcy\u00fck felaket kaynakl\u0131 hepimize ge\u00e7mi\u015f olsun!<\/strong><\/p>\n<p>B\u00fcy\u00fck ya da k\u00fc\u00e7\u00fck \u00f6l\u00e7ekli her birimizin bir ad\u0131m atmas\u0131 ile dayan\u0131\u015fma a\u011f\u0131m\u0131z\u0131n daha da sa\u011flam ve \u00e7o\u011falarak b\u00fcy\u00fcyece\u011fini biliyoruz. Umuyoruz ki hep birlikte dayan\u0131\u015fma ve iyilik oda\u011f\u0131m\u0131zla t\u00fcm yaralar\u0131 saraca\u011f\u0131z\u2026<\/p>\n<p>#depremb\u00f6lgesindekiyerel\u00fcreticiyedestek<\/p>\n<p><em><strong>Te\u015fekk\u00fcr<\/strong><\/em><\/p>\n<p>Toplad\u0131\u011f\u0131m\u0131z bilgilerin a\u00e7\u0131k kaynak ve kullan\u0131m kolayl\u0131\u011f\u0131 ile bir web sitesi tasar\u0131m\u0131na d\u00f6n\u00fc\u015fmesini sa\u011flayan; Mare Design\u2019\u0131n kurucusu Eyl\u00fcl G\u00f6rm\u00fc\u015f\u2019e, listeleme, veri giri\u015fi ve t\u00fcm fikir \u00e7al\u0131\u015fmalar\u0131nda destek olan \u00d6yk\u00fc Yorulmaz, Asl\u0131 Balkan Er\u00e7elik ve Ezgi \u00c7oban\u2019a; medya, tasar\u0131m \u00e7al\u0131\u015fmalar\u0131m\u0131zda destek olan L\u00f6rn Creative Agency\u2019e, illustrasyon \u00e7al\u0131\u015fmalar\u0131yla destek olan Duru Ek\u015fio\u011flu\u2019na g\u00f6n\u00fcll\u00fc destekleri i\u00e7in \u00e7ok te\u015fekk\u00fcr ederiz.<\/p>\n","protected":false},"excerpt":{"rendered":"<p>Local Makers\u2019dan \u0130yili\u011fi Oda\u011f\u0131na Alan bir Giri\u015fim: Dayan\u0131\u015fma A\u011f\u0131 Adil, s\u00fcrd\u00fcr\u00fclebilir ve lokal \u00fcr\u00fcnleri ve \u00fcreticilerini bir araya getirme misyonunu \u00fcstlenmi\u015f Local Makers markas\u0131 olarak bir dayan\u0131\u015fma \u00e7a\u011fr\u0131m\u0131z var. Deprem b\u00f6lgesindeki lokal \u00fcreticilerin \u00fcretim, sat\u0131\u015f, da\u011f\u0131t\u0131m a\u015famalar\u0131nda ya\u015fad\u0131\u011f\u0131 t\u00fcm insani ve ekonomik engeller i\u00e7in birlikte bir ad\u0131m at\u0131yoruz. 6 \u015eubat 2023 tarihinde ger\u00e7ekle\u015fen ve 11 [&hellip;]<\/p>\n","protected":false},"author":1,"featured_media":0,"parent":0,"menu_order":0,"comment_status":"closed","ping_status":"closed","template":"","meta":{"_acf_changed":false,"_monsterinsights_skip_tracking":false,"_monsterinsights_sitenote_active":false,"_monsterinsights_sitenote_note":"","_monsterinsights_sitenote_category":0,"footnotes":""},"class_list":["post-170","page","type-page","status-publish","hentry"],"acf":[],"yoast_head":"<!-- This site is optimized with the Yoast SEO plugin v24.4 - https:\/\/yoast.com\/wordpress\/plugins\/seo\/ -->\n<title>Hakk\u0131m\u0131zda &#8226; Local Makers Dayan\u0131\u015fma<\/title>\n<meta name=\"description\" content=\"Afet b\u00f6lgesindeki lokal \u00fcreticiyi desteklemek ad\u0131na kurdu\u011fumuz platform hakk\u0131nda detayl\u0131 bilgi.\" \/>\n<meta name=\"robots\" content=\"index, follow, max-snippet:-1, max-image-preview:large, max-video-preview:-1\" \/>\n<link rel=\"canonical\" href=\"https:\/\/dayanisma.localmakers.com.tr\/deprem\/hakkimizda\/\" \/>\n<meta property=\"og:locale\" content=\"tr_TR\" \/>\n<meta property=\"og:type\" content=\"article\" \/>\n<meta property=\"og:title\" content=\"Hakk\u0131m\u0131zda &#8226; Local Makers Dayan\u0131\u015fma\" \/>\n<meta property=\"og:description\" content=\"Afet b\u00f6lgesindeki lokal \u00fcreticiyi desteklemek ad\u0131na kurdu\u011fumuz platform hakk\u0131nda detayl\u0131 bilgi.\" \/>\n<meta property=\"og:url\" content=\"https:\/\/dayanisma.localmakers.com.tr\/deprem\/hakkimizda\/\" \/>\n<meta property=\"og:site_name\" content=\"Local Makers Dayan\u0131\u015fma\" \/>\n<meta property=\"article:modified_time\" content=\"2023-05-06T14:03:11+00:00\" \/>\n<meta property=\"og:image\" content=\"https:\/\/dayanisma.localmakers.com.tr\/deprem\/wp-content\/uploads\/2023\/02\/Dayanisma-Agi.jpg\" \/>\n\t<meta property=\"og:image:width\" content=\"1200\" \/>\n\t<meta property=\"og:image:height\" content=\"630\" \/>\n\t<meta property=\"og:image:type\" content=\"image\/jpeg\" \/>\n<meta name=\"twitter:card\" content=\"summary_large_image\" \/>\n<meta name=\"twitter:label1\" content=\"Tahmini okuma s\u00fcresi\" \/>\n\t<meta name=\"twitter:data1\" content=\"4 dakika\" \/>\n<script type=\"application\/ld+json\" class=\"yoast-schema-graph\">{\"@context\":\"https:\/\/schema.org\",\"@graph\":[{\"@type\":\"WebPage\",\"@id\":\"https:\/\/dayanisma.localmakers.com.tr\/deprem\/hakkimizda\/\",\"url\":\"https:\/\/dayanisma.localmakers.com.tr\/deprem\/hakkimizda\/\",\"name\":\"Hakk\u0131m\u0131zda &#8226; Local Makers Dayan\u0131\u015fma\",\"isPartOf\":{\"@id\":\"https:\/\/dayanisma.localmakers.com.tr\/deprem\/#website\"},\"datePublished\":\"2023-02-18T13:51:20+00:00\",\"dateModified\":\"2023-05-06T14:03:11+00:00\",\"description\":\"Afet b\u00f6lgesindeki lokal \u00fcreticiyi desteklemek ad\u0131na kurdu\u011fumuz platform hakk\u0131nda detayl\u0131 bilgi.\",\"breadcrumb\":{\"@id\":\"https:\/\/dayanisma.localmakers.com.tr\/deprem\/hakkimizda\/#breadcrumb\"},\"inLanguage\":\"tr\",\"potentialAction\":[{\"@type\":\"ReadAction\",\"target\":[\"https:\/\/dayanisma.localmakers.com.tr\/deprem\/hakkimizda\/\"]}]},{\"@type\":\"BreadcrumbList\",\"@id\":\"https:\/\/dayanisma.localmakers.com.tr\/deprem\/hakkimizda\/#breadcrumb\",\"itemListElement\":[{\"@type\":\"ListItem\",\"position\":1,\"name\":\"Home\",\"item\":\"https:\/\/dayanisma.localmakers.com.tr\/deprem\/\"},{\"@type\":\"ListItem\",\"position\":2,\"name\":\"Hakk\u0131m\u0131zda\"}]},{\"@type\":\"WebSite\",\"@id\":\"https:\/\/dayanisma.localmakers.com.tr\/deprem\/#website\",\"url\":\"https:\/\/dayanisma.localmakers.com.tr\/deprem\/\",\"name\":\"Local Makers Dayan\u0131\u015fma\",\"description\":\"\",\"publisher\":{\"@id\":\"https:\/\/dayanisma.localmakers.com.tr\/deprem\/#organization\"},\"potentialAction\":[{\"@type\":\"SearchAction\",\"target\":{\"@type\":\"EntryPoint\",\"urlTemplate\":\"https:\/\/dayanisma.localmakers.com.tr\/deprem\/?s={search_term_string}\"},\"query-input\":{\"@type\":\"PropertyValueSpecification\",\"valueRequired\":true,\"valueName\":\"search_term_string\"}}],\"inLanguage\":\"tr\"},{\"@type\":\"Organization\",\"@id\":\"https:\/\/dayanisma.localmakers.com.tr\/deprem\/#organization\",\"name\":\"Local Makers\",\"url\":\"https:\/\/dayanisma.localmakers.com.tr\/deprem\/\",\"logo\":{\"@type\":\"ImageObject\",\"inLanguage\":\"tr\",\"@id\":\"https:\/\/dayanisma.localmakers.com.tr\/deprem\/#\/schema\/logo\/image\/\",\"url\":\"https:\/\/dayanisma.localmakers.com.tr\/wp-content\/uploads\/2023\/02\/323960333_212825964461221_2732252521807638944_n.jpg\",\"contentUrl\":\"https:\/\/dayanisma.localmakers.com.tr\/wp-content\/uploads\/2023\/02\/323960333_212825964461221_2732252521807638944_n.jpg\",\"width\":1080,\"height\":1080,\"caption\":\"Local Makers\"},\"image\":{\"@id\":\"https:\/\/dayanisma.localmakers.com.tr\/deprem\/#\/schema\/logo\/image\/\"},\"sameAs\":[\"https:\/\/www.instagram.com\/localmakers.tr\/\"]}]}<\/script>\n<!-- \/ Yoast SEO plugin. -->","yoast_head_json":{"title":"Hakk\u0131m\u0131zda &#8226; Local Makers Dayan\u0131\u015fma","description":"Afet b\u00f6lgesindeki lokal \u00fcreticiyi desteklemek ad\u0131na kurdu\u011fumuz platform hakk\u0131nda detayl\u0131 bilgi.","robots":{"index":"index","follow":"follow","max-snippet":"max-snippet:-1","max-image-preview":"max-image-preview:large","max-video-preview":"max-video-preview:-1"},"canonical":"https:\/\/dayanisma.localmakers.com.tr\/deprem\/hakkimizda\/","og_locale":"tr_TR","og_type":"article","og_title":"Hakk\u0131m\u0131zda &#8226; Local Makers Dayan\u0131\u015fma","og_description":"Afet b\u00f6lgesindeki lokal \u00fcreticiyi desteklemek ad\u0131na kurdu\u011fumuz platform hakk\u0131nda detayl\u0131 bilgi.","og_url":"https:\/\/dayanisma.localmakers.com.tr\/deprem\/hakkimizda\/","og_site_name":"Local Makers Dayan\u0131\u015fma","article_modified_time":"2023-05-06T14:03:11+00:00","og_image":[{"width":1200,"height":630,"url":"https:\/\/dayanisma.localmakers.com.tr\/deprem\/wp-content\/uploads\/2023\/02\/Dayanisma-Agi.jpg","type":"image\/jpeg"}],"twitter_card":"summary_large_image","twitter_misc":{"Tahmini okuma s\u00fcresi":"4 dakika"},"schema":{"@context":"https:\/\/schema.org","@graph":[{"@type":"WebPage","@id":"https:\/\/dayanisma.localmakers.com.tr\/deprem\/hakkimizda\/","url":"https:\/\/dayanisma.localmakers.com.tr\/deprem\/hakkimizda\/","name":"Hakk\u0131m\u0131zda &#8226; Local Makers Dayan\u0131\u015fma","isPartOf":{"@id":"https:\/\/dayanisma.localmakers.com.tr\/deprem\/#website"},"datePublished":"2023-02-18T13:51:20+00:00","dateModified":"2023-05-06T14:03:11+00:00","description":"Afet b\u00f6lgesindeki lokal \u00fcreticiyi desteklemek ad\u0131na kurdu\u011fumuz platform hakk\u0131nda detayl\u0131 bilgi.","breadcrumb":{"@id":"https:\/\/dayanisma.localmakers.com.tr\/deprem\/hakkimizda\/#breadcrumb"},"inLanguage":"tr","potentialAction":[{"@type":"ReadAction","target":["https:\/\/dayanisma.localmakers.com.tr\/deprem\/hakkimizda\/"]}]},{"@type":"BreadcrumbList","@id":"https:\/\/dayanisma.localmakers.com.tr\/deprem\/hakkimizda\/#breadcrumb","itemListElement":[{"@type":"ListItem","position":1,"name":"Home","item":"https:\/\/dayanisma.localmakers.com.tr\/deprem\/"},{"@type":"ListItem","position":2,"name":"Hakk\u0131m\u0131zda"}]},{"@type":"WebSite","@id":"https:\/\/dayanisma.localmakers.com.tr\/deprem\/#website","url":"https:\/\/dayanisma.localmakers.com.tr\/deprem\/","name":"Local Makers Dayan\u0131\u015fma","description":"","publisher":{"@id":"https:\/\/dayanisma.localmakers.com.tr\/deprem\/#organization"},"potentialAction":[{"@type":"SearchAction","target":{"@type":"EntryPoint","urlTemplate":"https:\/\/dayanisma.localmakers.com.tr\/deprem\/?s={search_term_string}"},"query-input":{"@type":"PropertyValueSpecification","valueRequired":true,"valueName":"search_term_string"}}],"inLanguage":"tr"},{"@type":"Organization","@id":"https:\/\/dayanisma.localmakers.com.tr\/deprem\/#organization","name":"Local Makers","url":"https:\/\/dayanisma.localmakers.com.tr\/deprem\/","logo":{"@type":"ImageObject","inLanguage":"tr","@id":"https:\/\/dayanisma.localmakers.com.tr\/deprem\/#\/schema\/logo\/image\/","url":"https:\/\/dayanisma.localmakers.com.tr\/wp-content\/uploads\/2023\/02\/323960333_212825964461221_2732252521807638944_n.jpg","contentUrl":"https:\/\/dayanisma.localmakers.com.tr\/wp-content\/uploads\/2023\/02\/323960333_212825964461221_2732252521807638944_n.jpg","width":1080,"height":1080,"caption":"Local Makers"},"image":{"@id":"https:\/\/dayanisma.localmakers.com.tr\/deprem\/#\/schema\/logo\/image\/"},"sameAs":["https:\/\/www.instagram.com\/localmakers.tr\/"]}]}},"_links":{"self":[{"href":"https:\/\/dayanisma.localmakers.com.tr\/deprem\/wp-json\/wp\/v2\/pages\/170","targetHints":{"allow":["GET"]}}],"collection":[{"href":"https:\/\/dayanisma.localmakers.com.tr\/deprem\/wp-json\/wp\/v2\/pages"}],"about":[{"href":"https:\/\/dayanisma.localmakers.com.tr\/deprem\/wp-json\/wp\/v2\/types\/page"}],"author":[{"embeddable":true,"href":"https:\/\/dayanisma.localmakers.com.tr\/deprem\/wp-json\/wp\/v2\/users\/1"}],"replies":[{"embeddable":true,"href":"https:\/\/dayanisma.localmakers.com.tr\/deprem\/wp-json\/wp\/v2\/comments?post=170"}],"version-history":[{"count":50,"href":"https:\/\/dayanisma.localmakers.com.tr\/deprem\/wp-json\/wp\/v2\/pages\/170\/revisions"}],"predecessor-version":[{"id":1322,"href":"https:\/\/dayanisma.localmakers.com.tr\/deprem\/wp-json\/wp\/v2\/pages\/170\/revisions\/1322"}],"wp:attachment":[{"href":"https:\/\/dayanisma.localmakers.com.tr\/deprem\/wp-json\/wp\/v2\/media?parent=170"}],"curies":[{"name":"wp","href":"https:\/\/api.w.org\/{rel}","templated":true}]}}